{"id":1095,"date":"2021-03-17T16:19:04","date_gmt":"2021-03-17T16:19:04","guid":{"rendered":"http:\/\/www.minikulupcocukevi.com\/Web\/?page_id=1095"},"modified":"2021-11-22T14:08:25","modified_gmt":"2021-11-22T14:08:25","slug":"ikinci-dil-egitimi","status":"publish","type":"page","link":"https:\/\/www.minikulupcocukevi.com\/web\/ikinci-dil-egitimi\/","title":{"rendered":"\u0130kinci Dil E\u011fitimi"},"content":{"rendered":"<div class=\"wpb-content-wrapper\"><p>[vc_row el_class=&#8221;mt-5&#8243;][vc_column width=&#8221;1\/6&#8243;][\/vc_column][vc_column width=&#8221;2\/3&#8243;][vc_empty_space][vc_custom_heading text=&#8221;\u0130kinci Dil E\u011fitimi&#8221; font_container=&#8221;tag:h2|text_align:center&#8221; use_theme_fonts=&#8221;yes&#8221;][vc_empty_space height=&#8221;50px&#8221;][vc_gallery type=&#8221;flexslider_slide&#8221; interval=&#8221;3&#8243; images=&#8221;1282,1514,1297,1310,1314,1315&#8243; img_size=&#8221;full&#8221;][\/vc_column][vc_column width=&#8221;1\/6&#8243;][\/vc_column][\/vc_row][vc_row el_class=&#8221;mt-5&#8243;][vc_column][vc_column_text]<\/p>\n<h4><strong>\u0130kinci Dil E\u011fitimi<\/strong><\/h4>\n<p>Son y\u0131llarda yap\u0131lan bilimsel \u00e7al\u0131\u015fmalar g\u00f6stermektedir ki erken \u00e7ocukluk d\u00f6neminde iki veya daha \u00e7ok dil ile b\u00fcy\u00fcyen \u00e7ocuklar hedef dillerin t\u00fcm\u00fcn\u00fc belle\u011fine kaydeder. 0-6 ya\u015f aras\u0131 \u00e7ocuklar, t\u0131pk\u0131 anadil edinimleri gibi ikinci ve \u00fc\u00e7\u00fcnc\u00fc dilleri de kolayl\u0131kla kavrayabilir. Burada \u00f6zellikle e\u011fitim ve \u00f6\u011fretim tan\u0131mlamalar\u0131ndan ka\u00e7\u0131nmak gerekir ki zira bu \u00e7a\u011fda \u00f6\u011frenme de\u011fil edinimden bahsedilmektedir.<\/p>\n<p>\u00d6zellikle \u00fc\u00e7 ya\u015f\u0131nda ciddi bir s\u0131\u00e7raman\u0131n g\u00f6zle g\u00f6r\u00fcld\u00fc\u011f\u00fc bu dil edinimi s\u00fcrecinde en temel fakt\u00f6r \u00e7ocu\u011fun dile maruz kalmas\u0131d\u0131r. \u0130\u015fte bu noktada aile kadar okul \u00f6ncesi kurumlar\u0131n\u0131n da etkin rol\u00fc ortaya \u00e7\u0131kar.<\/p>\n<p>Mini Kul\u00fcp olarak biz de bu bilgiler \u0131\u015f\u0131\u011f\u0131nda; erken \u00e7ocukluk d\u00f6neminde dil e\u011fitimi alan\u0131nda uzmanla\u015fm\u0131\u015f tam zamanl\u0131 e\u011fitmenler ile, oyun ve \u00f6yk\u00fc temelli e\u011fitim anlay\u0131\u015f\u0131n\u0131 benimseyerek , ESL (English as second language) program\u0131 ile t\u00fcm ya\u015f gruplar\u0131na tam zamanl\u0131 \u0130ngilizce program\u0131 sunuyoruz.<\/p>\n<p>Mini Kul\u00fcp&#8217; te her ya\u015f grubunun yabanc\u0131 dil e\u011fitmeni sadece o ya\u015f grubu ile \u0130ngilizce program\u0131 ger\u00e7ekle\u015ftiriyor. Di\u011fer bir deyi\u015fle, ayn\u0131 \u0130ngilizce e\u011fitmeni farkl\u0131 ya\u015f gruplar\u0131nda \u0130ngilizce program y\u00fcr\u00fctm\u00fcyor. Sorumlu oldu\u011fu ya\u015f grubu ile b\u00fct\u00fcn g\u00fcn, g\u00fcnl\u00fck ak\u0131\u015f do\u011frultusunda program\u0131n\u0131 uyguluyor, di\u011fer s\u0131n\u0131f \u00f6\u011fretmenleri ile koordinasyonlu \u00e7al\u0131\u015f\u0131yor. Velilerimiz belirli periyotlarda ders i\u00e7i g\u00f6zlemler \u00fczerine bilgilendiriliyor ve d\u00f6nem sonunda &#8220;Progress Report&#8221; haz\u0131rlanarak velilerimize g\u00f6nderiliyor. Ayr\u0131ca; mevcut ikinci dil \u0130ngilizce program\u0131m\u0131z\u0131n yan\u0131 s\u0131ra \u0130spanyolca bran\u015f dersi ile de farkl\u0131 dillere y\u00f6nelik fark\u0131ndal\u0131k olu\u015fturuyoruz. Velilerimiz; her ay g\u00f6nderdi\u011fimiz ayl\u0131k e\u011fitim b\u00fclteninin i\u00e7inde yer alan \u0130ngilizce ve \u0130spanyolca e\u011fitim program\u0131 ile de ayl\u0131k ak\u0131\u015f\u0131 takip edebiliyor.<\/p>\n<p>\u0130spanyolca dersi okulumuzda Orta Grup ve \u0130lkokula Haz\u0131rl\u0131k Grubunda her hafta bir g\u00fcn ve bir saat olarak programlan\u0131p uygulan\u0131yor.[\/vc_column_text][vc_empty_space height=&#8221;64px&#8221;][\/vc_column][\/vc_row]<\/p>\n<\/div>","protected":false},"excerpt":{"rendered":"<p>[vc_row el_class=&#8221;mt-5&#8243;][vc_column width=&#8221;1\/6&#8243;][\/vc_column][vc_column width=&#8221;2\/3&#8243;][vc_empty_space][vc_custom_heading text=&#8221;\u0130kinci Dil E\u011fitimi&#8221; font_container=&#8221;tag:h2|text_align:center&#8221; use_theme_fonts=&#8221;yes&#8221;][vc_empty_space height=&#8221;50px&#8221;][vc_gallery type=&#8221;flexslider_slide&#8221; interval=&#8221;3&#8243; images=&#8221;1282,1514,1297,1310,1314,1315&#8243; img_size=&#8221;full&#8221;][\/vc_column][vc_column width=&#8221;1\/6&#8243;][\/vc_column][\/vc_row][vc_row el_class=&#8221;mt-5&#8243;][vc_column][vc_column_text] \u0130kinci Dil E\u011fitimi Son y\u0131llarda yap\u0131lan bilimsel \u00e7al\u0131\u015fmalar g\u00f6stermektedir ki erken \u00e7ocukluk d\u00f6neminde iki veya daha \u00e7ok dil ile b\u00fcy\u00fcyen \u00e7ocuklar hedef dillerin t\u00fcm\u00fcn\u00fc belle\u011fine kaydeder. 0-6 ya\u015f aras\u0131 \u00e7ocuklar, t\u0131pk\u0131 anadil edinimleri gibi ikinci ve \u00fc\u00e7\u00fcnc\u00fc dilleri de<\/p>\n<div class=\"klb-readmore\"><a href=\"https:\/\/www.minikulupcocukevi.com\/web\/ikinci-dil-egitimi\/\" class=\"btn btn-primary\">READ MORE<\/a><\/div>\n","protected":false},"author":1,"featured_media":0,"parent":0,"menu_order":0,"comment_status":"closed","ping_status":"closed","template":"","meta":{"footnotes":""},"class_list":["post-1095","page","type-page","status-publish","hentry","col-lg-12 mb-5"],"_links":{"self":[{"href":"https:\/\/www.minikulupcocukevi.com\/web\/wp-json\/wp\/v2\/pages\/1095","targetHints":{"allow":["GET"]}}],"collection":[{"href":"https:\/\/www.minikulupcocukevi.com\/web\/wp-json\/wp\/v2\/pages"}],"about":[{"href":"https:\/\/www.minikulupcocukevi.com\/web\/wp-json\/wp\/v2\/types\/page"}],"author":[{"embeddable":true,"href":"https:\/\/www.minikulupcocukevi.com\/web\/wp-json\/wp\/v2\/users\/1"}],"replies":[{"embeddable":true,"href":"https:\/\/www.minikulupcocukevi.com\/web\/wp-json\/wp\/v2\/comments?post=1095"}],"version-history":[{"count":11,"href":"https:\/\/www.minikulupcocukevi.com\/web\/wp-json\/wp\/v2\/pages\/1095\/revisions"}],"predecessor-version":[{"id":1515,"href":"https:\/\/www.minikulupcocukevi.com\/web\/wp-json\/wp\/v2\/pages\/1095\/revisions\/1515"}],"wp:attachment":[{"href":"https:\/\/www.minikulupcocukevi.com\/web\/wp-json\/wp\/v2\/media?parent=1095"}],"curies":[{"name":"wp","href":"https:\/\/api.w.org\/{rel}","templated":true}]}}